{"id":10183,"date":"2024-11-06T00:29:05","date_gmt":"2024-11-05T23:29:05","guid":{"rendered":"https:\/\/www.stfrans.no\/?page_id=10183"},"modified":"2025-11-09T08:21:00","modified_gmt":"2025-11-09T07:21:00","slug":"parafie","status":"publish","type":"page","link":"https:\/\/www.stfrans.no\/index.php\/parafie\/","title":{"rendered":"Parafie"},"content":{"rendered":"\t\t<div data-elementor-type=\"wp-page\" data-elementor-id=\"10183\" class=\"elementor elementor-10183\" data-elementor-post-type=\"page\">\n\t\t\t\t<div class=\"elementor-element elementor-element-3e03e04b e-flex e-con-boxed elementor-invisible e-con e-parent\" data-id=\"3e03e04b\" data-element_type=\"container\" data-e-type=\"container\" data-settings=\"{&quot;animation&quot;:&quot;bounceInLeft&quot;}\">\n\t\t\t\t\t<div class=\"e-con-inner\">\n\t\t\t\t<div class=\"elementor-element elementor-element-794ac9e8 elementor-pagination-type-bullets elementor-arrows-position-inside elementor-pagination-position-outside elementor-widget elementor-widget-n-carousel\" data-id=\"794ac9e8\" data-element_type=\"widget\" data-e-type=\"widget\" data-settings=\"{&quot;carousel_items&quot;:[{&quot;slide_title&quot;:&quot;Larvik&quot;,&quot;_id&quot;:&quot;9141093&quot;},{&quot;slide_title&quot;:&quot;Porsgrunn&quot;,&quot;_id&quot;:&quot;d50c57e&quot;},{&quot;slide_title&quot;:&quot;Sandefjord&quot;,&quot;_id&quot;:&quot;8872df9&quot;},{&quot;_id&quot;:&quot;012117d&quot;,&quot;slide_title&quot;:&quot;T\\u00f8nsberg&quot;}],&quot;slides_to_show&quot;:&quot;4&quot;,&quot;motion_fx_motion_fx_scrolling&quot;:&quot;yes&quot;,&quot;_animation&quot;:&quot;none&quot;,&quot;slides_to_show_tablet&quot;:&quot;2&quot;,&quot;slides_to_show_mobile&quot;:&quot;1&quot;,&quot;autoplay&quot;:&quot;yes&quot;,&quot;autoplay_speed&quot;:5000,&quot;pause_on_hover&quot;:&quot;yes&quot;,&quot;pause_on_interaction&quot;:&quot;yes&quot;,&quot;infinite&quot;:&quot;yes&quot;,&quot;speed&quot;:500,&quot;offset_sides&quot;:&quot;none&quot;,&quot;arrows&quot;:&quot;yes&quot;,&quot;pagination&quot;:&quot;bullets&quot;,&quot;image_spacing_custom&quot;:{&quot;unit&quot;:&quot;px&quot;,&quot;size&quot;:10,&quot;sizes&quot;:[]},&quot;image_spacing_custom_tablet&quot;:{&quot;unit&quot;:&quot;px&quot;,&quot;size&quot;:&quot;&quot;,&quot;sizes&quot;:[]},&quot;image_spacing_custom_mobile&quot;:{&quot;unit&quot;:&quot;px&quot;,&quot;size&quot;:&quot;&quot;,&quot;sizes&quot;:[]},&quot;motion_fx_devices&quot;:[&quot;desktop&quot;,&quot;tablet&quot;,&quot;mobile&quot;]}\" data-widget_type=\"nested-carousel.default\">\n\t\t\t\t<div class=\"elementor-widget-container\">\n\t\t\t\t\t\t\t<div class=\"e-n-carousel swiper\" role=\"region\" aria-roledescription=\"carousel\" aria-label=\"karuzela\" dir=\"ltr\">\n\t\t\t<div class=\"swiper-wrapper\" aria-live=\"off\">\n\t\t\t\t\t\t\t\t\t\t<div class=\"swiper-slide\" data-slide=\"1\" role=\"group\" aria-roledescription=\"slide\" aria-label=\"1 of 4\">\n\t\t\t\t\t\t\t<div class=\"elementor-element elementor-element-742a0a35 e-flex e-con-boxed e-con e-child\" data-id=\"742a0a35\" data-element_type=\"container\" data-e-type=\"container\">\n\t\t\t\t\t<div class=\"e-con-inner\">\n\t\t<div class=\"elementor-element elementor-element-5b42a39 e-con-full e-flex e-con e-child\" data-id=\"5b42a39\" data-element_type=\"container\" data-e-type=\"container\">\n\t\t\t\t<div class=\"elementor-element elementor-element-4a0cbcdd elementor-widget__width-initial elementor-widget elementor-widget-image\" data-id=\"4a0cbcdd\" data-element_type=\"widget\" data-e-type=\"widget\" data-widget_type=\"image.default\">\n\t\t\t\t<div class=\"elementor-widget-container\">\n\t\t\t\t\t\t\t\t\t\t\t\t<figure class=\"wp-caption\">\n\t\t\t\t\t\t\t\t\t\t\t<a href=\"#Larvik\">\n\t\t\t\t\t\t\t<img fetchpriority=\"high\" decoding=\"async\" width=\"800\" height=\"1024\" src=\"https:\/\/www.stfrans.no\/wp-content\/uploads\/2024\/11\/Larvik-parafia.png\" class=\"attachment-full size-full wp-image-10065\" alt=\"\" srcset=\"https:\/\/www.stfrans.no\/wp-content\/uploads\/2024\/11\/Larvik-parafia.png 800w, https:\/\/www.stfrans.no\/wp-content\/uploads\/2024\/11\/Larvik-parafia-234x300.png 234w, https:\/\/www.stfrans.no\/wp-content\/uploads\/2024\/11\/Larvik-parafia-768x983.png 768w\" sizes=\"100vw\" \/>\t\t\t\t\t\t\t\t<\/a>\n\t\t\t\t\t\t\t\t\t\t\t<figcaption class=\"widget-image-caption wp-caption-text\">Larvik<\/figcaption>\n\t\t\t\t\t\t\t\t\t\t<\/figure>\n\t\t\t\t\t\t\t\t\t<\/div>\n\t\t\t\t<\/div>\n\t\t\t\t<\/div>\n\t\t\t\t\t<\/div>\n\t\t\t\t<\/div>\n\t\t\t\t\t\t\t\t<\/div>\n\t\t\t\t\t\t\t\t\t\t\t<div class=\"swiper-slide\" data-slide=\"2\" role=\"group\" aria-roledescription=\"slide\" aria-label=\"2 of 4\">\n\t\t\t\t\t\t\t<div class=\"elementor-element elementor-element-364bcf3e e-flex e-con-boxed e-con e-child\" data-id=\"364bcf3e\" data-element_type=\"container\" data-e-type=\"container\">\n\t\t\t\t\t<div class=\"e-con-inner\">\n\t\t<div class=\"elementor-element elementor-element-3ab07ae6 e-con-full e-flex e-con e-child\" data-id=\"3ab07ae6\" data-element_type=\"container\" data-e-type=\"container\">\n\t\t\t\t<div class=\"elementor-element elementor-element-d9937e7 elementor-widget__width-initial elementor-widget elementor-widget-image\" data-id=\"d9937e7\" data-element_type=\"widget\" data-e-type=\"widget\" data-widget_type=\"image.default\">\n\t\t\t\t<div class=\"elementor-widget-container\">\n\t\t\t\t\t\t\t\t\t\t\t\t<figure class=\"wp-caption\">\n\t\t\t\t\t\t\t\t\t\t\t<a href=\"#Porsgrunn\">\n\t\t\t\t\t\t\t<img decoding=\"async\" width=\"525\" height=\"672\" src=\"https:\/\/www.stfrans.no\/wp-content\/uploads\/2024\/11\/Porsgrunn-parafia.png\" class=\"attachment-large size-large wp-image-10073\" alt=\"\" srcset=\"https:\/\/www.stfrans.no\/wp-content\/uploads\/2024\/11\/Porsgrunn-parafia.png 800w, https:\/\/www.stfrans.no\/wp-content\/uploads\/2024\/11\/Porsgrunn-parafia-234x300.png 234w, https:\/\/www.stfrans.no\/wp-content\/uploads\/2024\/11\/Porsgrunn-parafia-768x983.png 768w\" sizes=\"100vw\" \/>\t\t\t\t\t\t\t\t<\/a>\n\t\t\t\t\t\t\t\t\t\t\t<figcaption class=\"widget-image-caption wp-caption-text\">Porsgrunn<\/figcaption>\n\t\t\t\t\t\t\t\t\t\t<\/figure>\n\t\t\t\t\t\t\t\t\t<\/div>\n\t\t\t\t<\/div>\n\t\t\t\t<\/div>\n\t\t\t\t\t<\/div>\n\t\t\t\t<\/div>\n\t\t\t\t\t\t\t\t<\/div>\n\t\t\t\t\t\t\t\t\t\t\t<div class=\"swiper-slide\" data-slide=\"3\" role=\"group\" aria-roledescription=\"slide\" aria-label=\"3 of 4\">\n\t\t\t\t\t\t\t<div class=\"elementor-element elementor-element-6b984995 e-flex e-con-boxed e-con e-child\" data-id=\"6b984995\" data-element_type=\"container\" data-e-type=\"container\">\n\t\t\t\t\t<div class=\"e-con-inner\">\n\t\t<div class=\"elementor-element elementor-element-60de6b8b e-con-full e-flex e-con e-child\" data-id=\"60de6b8b\" data-element_type=\"container\" data-e-type=\"container\">\n\t\t\t\t<div class=\"elementor-element elementor-element-52f2a7ef elementor-widget__width-initial elementor-widget elementor-widget-image\" data-id=\"52f2a7ef\" data-element_type=\"widget\" data-e-type=\"widget\" data-widget_type=\"image.default\">\n\t\t\t\t<div class=\"elementor-widget-container\">\n\t\t\t\t\t\t\t\t\t\t\t\t<figure class=\"wp-caption\">\n\t\t\t\t\t\t\t\t\t\t\t<a href=\"#Sandefjord\">\n\t\t\t\t\t\t\t<img decoding=\"async\" width=\"525\" height=\"672\" src=\"https:\/\/www.stfrans.no\/wp-content\/uploads\/2024\/11\/Sandefjord-parafia.png\" class=\"attachment-large size-large wp-image-10075\" alt=\"\" srcset=\"https:\/\/www.stfrans.no\/wp-content\/uploads\/2024\/11\/Sandefjord-parafia.png 800w, https:\/\/www.stfrans.no\/wp-content\/uploads\/2024\/11\/Sandefjord-parafia-234x300.png 234w, https:\/\/www.stfrans.no\/wp-content\/uploads\/2024\/11\/Sandefjord-parafia-768x983.png 768w\" sizes=\"100vw\" \/>\t\t\t\t\t\t\t\t<\/a>\n\t\t\t\t\t\t\t\t\t\t\t<figcaption class=\"widget-image-caption wp-caption-text\">Sandefjord<\/figcaption>\n\t\t\t\t\t\t\t\t\t\t<\/figure>\n\t\t\t\t\t\t\t\t\t<\/div>\n\t\t\t\t<\/div>\n\t\t\t\t<\/div>\n\t\t\t\t\t<\/div>\n\t\t\t\t<\/div>\n\t\t\t\t\t\t\t\t<\/div>\n\t\t\t\t\t\t\t\t\t\t\t<div class=\"swiper-slide\" data-slide=\"4\" role=\"group\" aria-roledescription=\"slide\" aria-label=\"4 of 4\">\n\t\t\t\t\t\t\t<div class=\"elementor-element elementor-element-21f8136a e-flex e-con-boxed e-con e-child\" data-id=\"21f8136a\" data-element_type=\"container\" data-e-type=\"container\">\n\t\t\t\t\t<div class=\"e-con-inner\">\n\t\t<div class=\"elementor-element elementor-element-429a90eb e-con-full e-flex e-con e-child\" data-id=\"429a90eb\" data-element_type=\"container\" data-e-type=\"container\">\n\t\t\t\t<div class=\"elementor-element elementor-element-2349aacd elementor-widget__width-initial elementor-widget elementor-widget-image\" data-id=\"2349aacd\" data-element_type=\"widget\" data-e-type=\"widget\" data-widget_type=\"image.default\">\n\t\t\t\t<div class=\"elementor-widget-container\">\n\t\t\t\t\t\t\t\t\t\t\t\t<figure class=\"wp-caption\">\n\t\t\t\t\t\t\t\t\t\t\t<a href=\"#Tonsberg\">\n\t\t\t\t\t\t\t<img loading=\"lazy\" decoding=\"async\" width=\"525\" height=\"672\" src=\"https:\/\/www.stfrans.no\/wp-content\/uploads\/2024\/11\/Tonsberg-parafia.png\" class=\"attachment-large size-large wp-image-10076\" alt=\"\" srcset=\"https:\/\/www.stfrans.no\/wp-content\/uploads\/2024\/11\/Tonsberg-parafia.png 800w, https:\/\/www.stfrans.no\/wp-content\/uploads\/2024\/11\/Tonsberg-parafia-234x300.png 234w, https:\/\/www.stfrans.no\/wp-content\/uploads\/2024\/11\/Tonsberg-parafia-768x983.png 768w\" sizes=\"100vw\" \/>\t\t\t\t\t\t\t\t<\/a>\n\t\t\t\t\t\t\t\t\t\t\t<figcaption class=\"widget-image-caption wp-caption-text\">T\u00f8nsberg<\/figcaption>\n\t\t\t\t\t\t\t\t\t\t<\/figure>\n\t\t\t\t\t\t\t\t\t<\/div>\n\t\t\t\t<\/div>\n\t\t\t\t<\/div>\n\t\t\t\t\t<\/div>\n\t\t\t\t<\/div>\n\t\t\t\t\t\t\t\t<\/div>\n\t\t\t\t\t\t\t\t<\/div>\n\t\t<\/div>\n\t\t\t\t\t<div class=\"elementor-swiper-button elementor-swiper-button-prev\" role=\"button\" tabindex=\"0\" aria-label=\"Previous\">\n\t\t\t\t<svg aria-hidden=\"true\" class=\"e-font-icon-svg e-eicon-chevron-left\" viewBox=\"0 0 1000 1000\" xmlns=\"http:\/\/www.w3.org\/2000\/svg\"><path d=\"M646 125C629 125 613 133 604 142L308 442C296 454 292 471 292 487 292 504 296 521 308 533L604 854C617 867 629 875 646 875 663 875 679 871 692 858 704 846 713 829 713 812 713 796 708 779 692 767L438 487 692 225C700 217 708 204 708 187 708 171 704 154 692 142 675 129 663 125 646 125Z\"><\/path><\/svg>\t\t\t<\/div>\n\t\t\t<div class=\"elementor-swiper-button elementor-swiper-button-next\" role=\"button\" tabindex=\"0\" aria-label=\"Next\">\n\t\t\t\t<svg aria-hidden=\"true\" class=\"e-font-icon-svg e-eicon-chevron-right\" viewBox=\"0 0 1000 1000\" xmlns=\"http:\/\/www.w3.org\/2000\/svg\"><path d=\"M696 533C708 521 713 504 713 487 713 471 708 454 696 446L400 146C388 133 375 125 354 125 338 125 325 129 313 142 300 154 292 171 292 187 292 204 296 221 308 233L563 492 304 771C292 783 288 800 288 817 288 833 296 850 308 863 321 871 338 875 354 875 371 875 388 867 400 854L696 533Z\"><\/path><\/svg>\t\t\t<\/div>\n\t\t\t\t\t<div class=\"swiper-pagination\"><\/div>\n\t\t\t\t\t\t<\/div>\n\t\t\t\t<\/div>\n\t\t\t\t\t<\/div>\n\t\t\t\t<\/div>\n\t\t<div class=\"elementor-element elementor-element-499ba9a7 e-flex e-con-boxed e-con e-parent\" data-id=\"499ba9a7\" data-element_type=\"container\" data-e-type=\"container\">\n\t\t\t\t\t<div class=\"e-con-inner\">\n\t\t<div class=\"elementor-element elementor-element-5202ba8e e-con-full e-flex elementor-invisible e-con e-child\" data-id=\"5202ba8e\" data-element_type=\"container\" data-e-type=\"container\" data-settings=\"{&quot;animation&quot;:&quot;fadeInLeft&quot;}\">\n\t\t\t\t<div class=\"elementor-element elementor-element-7421d4dd elementor-widget elementor-widget-image\" data-id=\"7421d4dd\" data-element_type=\"widget\" data-e-type=\"widget\" data-widget_type=\"image.default\">\n\t\t\t\t<div class=\"elementor-widget-container\">\n\t\t\t\t\t\t\t\t\t\t\t\t<figure class=\"wp-caption\">\n\t\t\t\t\t\t\t\t\t\t\t<a href=\"http:\/\/www.stfrans.no\">\n\t\t\t\t\t\t\t<img loading=\"lazy\" decoding=\"async\" width=\"525\" height=\"672\" src=\"https:\/\/www.stfrans.no\/wp-content\/uploads\/2024\/11\/Larvik-parafia.png\" class=\"attachment-large size-large wp-image-10065\" alt=\"\" srcset=\"https:\/\/www.stfrans.no\/wp-content\/uploads\/2024\/11\/Larvik-parafia.png 800w, https:\/\/www.stfrans.no\/wp-content\/uploads\/2024\/11\/Larvik-parafia-234x300.png 234w, https:\/\/www.stfrans.no\/wp-content\/uploads\/2024\/11\/Larvik-parafia-768x983.png 768w\" sizes=\"100vw\" \/>\t\t\t\t\t\t\t\t<\/a>\n\t\t\t\t\t\t\t\t\t\t\t<figcaption class=\"widget-image-caption wp-caption-text\">Larvik, ko\u015bci\u00f3\u0142 \u015bw. Franciszka z Asy\u017cu<\/figcaption>\n\t\t\t\t\t\t\t\t\t\t<\/figure>\n\t\t\t\t\t\t\t\t\t<\/div>\n\t\t\t\t<\/div>\n\t\t\t\t<\/div>\n\t\t<div class=\"elementor-element elementor-element-4fd710fe e-con-full e-transform e-transform e-flex e-con e-child\" data-id=\"4fd710fe\" data-element_type=\"container\" data-e-type=\"container\" id=\"Larvik\" data-settings=\"{&quot;_transform_translateY_effect&quot;:{&quot;unit&quot;:&quot;px&quot;,&quot;size&quot;:-23,&quot;sizes&quot;:[]},&quot;_transform_scale_effect&quot;:{&quot;unit&quot;:&quot;px&quot;,&quot;size&quot;:0.9,&quot;sizes&quot;:[]},&quot;_transform_translateX_effect&quot;:{&quot;unit&quot;:&quot;px&quot;,&quot;size&quot;:&quot;&quot;,&quot;sizes&quot;:[]},&quot;_transform_translateX_effect_tablet&quot;:{&quot;unit&quot;:&quot;px&quot;,&quot;size&quot;:&quot;&quot;,&quot;sizes&quot;:[]},&quot;_transform_translateX_effect_mobile&quot;:{&quot;unit&quot;:&quot;px&quot;,&quot;size&quot;:&quot;&quot;,&quot;sizes&quot;:[]},&quot;_transform_translateY_effect_tablet&quot;:{&quot;unit&quot;:&quot;px&quot;,&quot;size&quot;:&quot;&quot;,&quot;sizes&quot;:[]},&quot;_transform_translateY_effect_mobile&quot;:{&quot;unit&quot;:&quot;px&quot;,&quot;size&quot;:&quot;&quot;,&quot;sizes&quot;:[]},&quot;_transform_scale_effect_tablet&quot;:{&quot;unit&quot;:&quot;px&quot;,&quot;size&quot;:&quot;&quot;,&quot;sizes&quot;:[]},&quot;_transform_scale_effect_mobile&quot;:{&quot;unit&quot;:&quot;px&quot;,&quot;size&quot;:&quot;&quot;,&quot;sizes&quot;:[]}}\">\n\t\t<div class=\"elementor-element elementor-element-205f6f17 e-con-full e-transform e-flex elementor-invisible e-con e-child\" data-id=\"205f6f17\" data-element_type=\"container\" data-e-type=\"container\" data-settings=\"{&quot;animation&quot;:&quot;fadeInRight&quot;,&quot;_transform_scale_effect&quot;:{&quot;unit&quot;:&quot;px&quot;,&quot;size&quot;:1,&quot;sizes&quot;:[]},&quot;_transform_scale_effect_tablet&quot;:{&quot;unit&quot;:&quot;px&quot;,&quot;size&quot;:&quot;&quot;,&quot;sizes&quot;:[]},&quot;_transform_scale_effect_mobile&quot;:{&quot;unit&quot;:&quot;px&quot;,&quot;size&quot;:&quot;&quot;,&quot;sizes&quot;:[]}}\">\n\t\t\t\t<div class=\"elementor-element elementor-element-2c865685 elementor-widget elementor-widget-text-editor\" data-id=\"2c865685\" data-element_type=\"widget\" data-e-type=\"widget\" data-widget_type=\"text-editor.default\">\n\t\t\t\t<div class=\"elementor-widget-container\">\n\t\t\t\t\t\t\t\t\t<h1 style=\"text-align: center;\">Parafia pw. \u015bw. Franciszka z Asy\u017cu w Larvik<\/h1><h3><strong>Kapellan:<br \/><\/strong><strong>o. Dolindo Turek ofm<\/strong><\/h3><h3><strong>larvik@katolsk.no<br \/><\/strong><strong><a href=\"https:\/\/www.stfrans.no\/index.php\/menighet-i-larvik\/sondagsblad\/\">Strona internetowa parafii<\/a><br \/><\/strong><\/h3>\t\t\t\t\t\t\t\t<\/div>\n\t\t\t\t<\/div>\n\t\t\t\t<\/div>\n\t\t<div class=\"elementor-element elementor-element-61ef6c9a e-con-full e-flex elementor-invisible e-con e-child\" data-id=\"61ef6c9a\" data-element_type=\"container\" data-e-type=\"container\" data-settings=\"{&quot;motion_fx_motion_fx_scrolling&quot;:&quot;yes&quot;,&quot;animation&quot;:&quot;fadeInRight&quot;,&quot;motion_fx_devices&quot;:[&quot;desktop&quot;,&quot;tablet&quot;,&quot;mobile&quot;]}\">\n\t\t\t\t<div class=\"elementor-element elementor-element-5773192b e-transform elementor-widget elementor-widget-image\" data-id=\"5773192b\" data-element_type=\"widget\" data-e-type=\"widget\" data-settings=\"{&quot;_transform_translateX_effect&quot;:{&quot;unit&quot;:&quot;px&quot;,&quot;size&quot;:-33,&quot;sizes&quot;:[]},&quot;_transform_translateY_effect&quot;:{&quot;unit&quot;:&quot;px&quot;,&quot;size&quot;:-86,&quot;sizes&quot;:[]},&quot;_transform_translateX_effect_tablet&quot;:{&quot;unit&quot;:&quot;px&quot;,&quot;size&quot;:&quot;&quot;,&quot;sizes&quot;:[]},&quot;_transform_translateX_effect_mobile&quot;:{&quot;unit&quot;:&quot;px&quot;,&quot;size&quot;:&quot;&quot;,&quot;sizes&quot;:[]},&quot;_transform_translateY_effect_tablet&quot;:{&quot;unit&quot;:&quot;px&quot;,&quot;size&quot;:&quot;&quot;,&quot;sizes&quot;:[]},&quot;_transform_translateY_effect_mobile&quot;:{&quot;unit&quot;:&quot;px&quot;,&quot;size&quot;:&quot;&quot;,&quot;sizes&quot;:[]}}\" data-widget_type=\"image.default\">\n\t\t\t\t<div class=\"elementor-widget-container\">\n\t\t\t\t\t\t\t\t\t\t\t\t\t\t\t<img loading=\"lazy\" decoding=\"async\" width=\"525\" height=\"410\" src=\"https:\/\/www.stfrans.no\/wp-content\/uploads\/2024\/11\/Msze-w-Larvik.png\" class=\"attachment-large size-large wp-image-10067\" alt=\"\" srcset=\"https:\/\/www.stfrans.no\/wp-content\/uploads\/2024\/11\/Msze-w-Larvik.png 1024w, https:\/\/www.stfrans.no\/wp-content\/uploads\/2024\/11\/Msze-w-Larvik-300x234.png 300w, https:\/\/www.stfrans.no\/wp-content\/uploads\/2024\/11\/Msze-w-Larvik-768x600.png 768w\" sizes=\"100vw\" \/>\t\t\t\t\t\t\t\t\t\t\t\t\t\t\t<\/div>\n\t\t\t\t<\/div>\n\t\t\t\t<\/div>\n\t\t<div class=\"elementor-element elementor-element-98bb24f e-con-full e-flex elementor-invisible e-con e-child\" data-id=\"98bb24f\" data-element_type=\"container\" data-e-type=\"container\" data-settings=\"{&quot;animation&quot;:&quot;fadeInUp&quot;}\">\n\t\t\t\t<div class=\"elementor-element elementor-element-7617b513 elementor-widget elementor-widget-google_maps\" data-id=\"7617b513\" data-element_type=\"widget\" data-e-type=\"widget\" data-widget_type=\"google_maps.default\">\n\t\t\t\t<div class=\"elementor-widget-container\">\n\t\t\t\t\t\t\t<div class=\"elementor-custom-embed\">\n\t\t\t<iframe loading=\"lazy\"\n\t\t\t\t\tsrc=\"https:\/\/maps.google.com\/maps?q=St%20Frans%20kirke%2C%20Ulfsbakveien%2034%2C%203267%20Larvik&#038;t=m&#038;z=15&#038;output=embed&#038;iwloc=near\"\n\t\t\t\t\ttitle=\"St Frans kirke, Ulfsbakveien 34, 3267 Larvik\"\n\t\t\t\t\taria-label=\"St Frans kirke, Ulfsbakveien 34, 3267 Larvik\"\n\t\t\t><\/iframe>\n\t\t<\/div>\n\t\t\t\t\t\t<\/div>\n\t\t\t\t<\/div>\n\t\t\t\t<\/div>\n\t\t\t\t<\/div>\n\t\t\t\t\t<\/div>\n\t\t\t\t<\/div>\n\t\t<div class=\"elementor-element elementor-element-4398e325 e-flex e-con-boxed e-con e-parent\" data-id=\"4398e325\" data-element_type=\"container\" data-e-type=\"container\">\n\t\t\t\t\t<div class=\"e-con-inner\">\n\t\t\t\t<div class=\"elementor-element elementor-element-4f08282c elementor-widget-divider--view-line elementor-widget elementor-widget-divider\" data-id=\"4f08282c\" data-element_type=\"widget\" data-e-type=\"widget\" data-widget_type=\"divider.default\">\n\t\t\t\t<div class=\"elementor-widget-container\">\n\t\t\t\t\t\t\t<div class=\"elementor-divider\">\n\t\t\t<span class=\"elementor-divider-separator\">\n\t\t\t\t\t\t<\/span>\n\t\t<\/div>\n\t\t\t\t\t\t<\/div>\n\t\t\t\t<\/div>\n\t\t\t\t\t<\/div>\n\t\t\t\t<\/div>\n\t\t<div class=\"elementor-element elementor-element-1b60cc9e e-flex e-con-boxed e-con e-parent\" data-id=\"1b60cc9e\" data-element_type=\"container\" data-e-type=\"container\">\n\t\t\t\t\t<div class=\"e-con-inner\">\n\t\t<div class=\"elementor-element elementor-element-3bbab357 e-con-full e-flex elementor-invisible e-con e-child\" data-id=\"3bbab357\" data-element_type=\"container\" data-e-type=\"container\" data-settings=\"{&quot;animation&quot;:&quot;fadeInLeft&quot;}\">\n\t\t\t\t<div class=\"elementor-element elementor-element-4f6595a3 elementor-widget elementor-widget-image\" data-id=\"4f6595a3\" data-element_type=\"widget\" data-e-type=\"widget\" data-widget_type=\"image.default\">\n\t\t\t\t<div class=\"elementor-widget-container\">\n\t\t\t\t\t\t\t\t\t\t\t\t<figure class=\"wp-caption\">\n\t\t\t\t\t\t\t\t\t\t\t<a href=\"https:\/\/vaarfrue.com\/\">\n\t\t\t\t\t\t\t<img decoding=\"async\" width=\"525\" height=\"672\" src=\"https:\/\/www.stfrans.no\/wp-content\/uploads\/2024\/11\/Porsgrunn-parafia.png\" class=\"attachment-large size-large wp-image-10073\" alt=\"\" srcset=\"https:\/\/www.stfrans.no\/wp-content\/uploads\/2024\/11\/Porsgrunn-parafia.png 800w, https:\/\/www.stfrans.no\/wp-content\/uploads\/2024\/11\/Porsgrunn-parafia-234x300.png 234w, https:\/\/www.stfrans.no\/wp-content\/uploads\/2024\/11\/Porsgrunn-parafia-768x983.png 768w\" sizes=\"100vw\" \/>\t\t\t\t\t\t\t\t<\/a>\n\t\t\t\t\t\t\t\t\t\t\t<figcaption class=\"widget-image-caption wp-caption-text\">Porsgrunn, ko\u015bci\u00f3\u0142 pw. Naszej Pani Matki Dobrej Rady<\/figcaption>\n\t\t\t\t\t\t\t\t\t\t<\/figure>\n\t\t\t\t\t\t\t\t\t<\/div>\n\t\t\t\t<\/div>\n\t\t\t\t<\/div>\n\t\t<div class=\"elementor-element elementor-element-260f1eb e-con-full e-flex e-con e-child\" data-id=\"260f1eb\" data-element_type=\"container\" data-e-type=\"container\" id=\"Porsgrunn\">\n\t\t<div class=\"elementor-element elementor-element-3a170391 e-con-full e-flex elementor-invisible e-con e-child\" data-id=\"3a170391\" data-element_type=\"container\" data-e-type=\"container\" data-settings=\"{&quot;animation&quot;:&quot;fadeInRight&quot;}\">\n\t\t\t\t<div class=\"elementor-element elementor-element-3a602bbf elementor-widget elementor-widget-text-editor\" data-id=\"3a602bbf\" data-element_type=\"widget\" data-e-type=\"widget\" data-widget_type=\"text-editor.default\">\n\t\t\t\t<div class=\"elementor-widget-container\">\n\t\t\t\t\t\t\t\t\t<h1 style=\"text-align: center;\">Parafia pw. Naszej Pani, Matki Dobrej Rady w Porsgrunn<\/h1><p>\u00a0<\/p><h2><span style=\"text-align: var(--text-align);\"><span style=\"font-family: var( --e-global-typography-text-font-family ), Sans-serif;\"><span style=\"font-size: 1.375rem;\">Administrator:<\/span><\/span><span style=\"font-size: 22px;\"><br \/><\/span><\/span><b style=\"color: #192930; font-family: 'Cooper Hewitt', 'Helvetica Neue', Helvetica, Arial, sans-serif; font-size: 18px; text-align: var(--text-align);\">p. Joseph Lam Cong Luong<\/b><\/h2><p><span style=\"color: #192930; font-family: 'Cooper Hewitt', 'Helvetica Neue', Helvetica, Arial, sans-serif; font-size: 18px;\"><b><a href=\"https:\/\/vaarfrue.com\/kalender\/\">Strona internetowa parafii<\/a><br \/><\/b><\/span><\/p>\t\t\t\t\t\t\t\t<\/div>\n\t\t\t\t<\/div>\n\t\t\t\t<\/div>\n\t\t<div class=\"elementor-element elementor-element-7fbd5ee1 e-con-full e-flex elementor-invisible e-con e-child\" data-id=\"7fbd5ee1\" data-element_type=\"container\" data-e-type=\"container\" data-settings=\"{&quot;animation&quot;:&quot;fadeInRight&quot;}\">\n\t\t\t\t<div class=\"elementor-element elementor-element-3ebcc056 elementor-widget elementor-widget-text-editor\" data-id=\"3ebcc056\" data-element_type=\"widget\" data-e-type=\"widget\" data-widget_type=\"text-editor.default\">\n\t\t\t\t<div class=\"elementor-widget-container\">\n\t\t\t\t\t\t\t\t\t<h2>Msze \u015bwi\u0119te w j\u0119zyku polskim:<\/h2><div><strong>W lipcu oraz sierpniu nie ma Mszy w j. polskim. Od wrze\u015bnia do czerwca:<\/strong><\/div><div>sobota\u00a0 \u00a0 \u00a0 \u00a0 \u00a0 \u00a0 \u00a0 \u00a0 \u00a0 \u00a0 \u00a0 \u00a0 \u00a0 \u00a0 \u00a0 \u00a0 \u00a0 \u00a0 \u00a0 \u00a0 \u00a0 \u00a0 \u00a0 \u00a0 \u00a0 \u00a0 \u00a0 \u00a0 \u00a0 \u00a0 \u00a0 \u00a0 \u00a0 \u00a0<b> 16.00<\/b><\/div><div>r\u00f3\u017caniec i okazja do sakramentu pokuty\u00a0 \u00a0 \u00a0 \u00a0 \u00a0 <b>15.30<\/b><\/div><div><b><br \/><\/b>w trzeci\u0105 sobot\u0119 w miesi\u0105cu spotkanie w salce przy kawie<\/div>\t\t\t\t\t\t\t\t<\/div>\n\t\t\t\t<\/div>\n\t\t\t\t<\/div>\n\t\t<div class=\"elementor-element elementor-element-43210b9d e-con-full e-flex elementor-invisible e-con e-child\" data-id=\"43210b9d\" data-element_type=\"container\" data-e-type=\"container\" data-settings=\"{&quot;animation&quot;:&quot;fadeInUp&quot;}\">\n\t\t\t\t<div class=\"elementor-element elementor-element-369bd20e elementor-widget elementor-widget-google_maps\" data-id=\"369bd20e\" data-element_type=\"widget\" data-e-type=\"widget\" data-widget_type=\"google_maps.default\">\n\t\t\t\t<div class=\"elementor-widget-container\">\n\t\t\t\t\t\t\t<div class=\"elementor-custom-embed\">\n\t\t\t<iframe loading=\"lazy\"\n\t\t\t\t\tsrc=\"https:\/\/maps.google.com\/maps?q=var%20frue%20porsgrun&#038;t=m&#038;z=15&#038;output=embed&#038;iwloc=near\"\n\t\t\t\t\ttitle=\"var frue porsgrun\"\n\t\t\t\t\taria-label=\"var frue porsgrun\"\n\t\t\t><\/iframe>\n\t\t<\/div>\n\t\t\t\t\t\t<\/div>\n\t\t\t\t<\/div>\n\t\t\t\t<\/div>\n\t\t\t\t<\/div>\n\t\t\t\t\t<\/div>\n\t\t\t\t<\/div>\n\t\t<div class=\"elementor-element elementor-element-59479305 e-flex e-con-boxed e-con e-parent\" data-id=\"59479305\" data-element_type=\"container\" data-e-type=\"container\">\n\t\t\t\t\t<div class=\"e-con-inner\">\n\t\t\t\t<div class=\"elementor-element elementor-element-260a33f9 elementor-widget-divider--view-line elementor-widget elementor-widget-divider\" data-id=\"260a33f9\" data-element_type=\"widget\" data-e-type=\"widget\" data-widget_type=\"divider.default\">\n\t\t\t\t<div class=\"elementor-widget-container\">\n\t\t\t\t\t\t\t<div class=\"elementor-divider\">\n\t\t\t<span class=\"elementor-divider-separator\">\n\t\t\t\t\t\t<\/span>\n\t\t<\/div>\n\t\t\t\t\t\t<\/div>\n\t\t\t\t<\/div>\n\t\t\t\t\t<\/div>\n\t\t\t\t<\/div>\n\t\t<div class=\"elementor-element elementor-element-49863ecf e-flex e-con-boxed e-con e-parent\" data-id=\"49863ecf\" data-element_type=\"container\" data-e-type=\"container\">\n\t\t\t\t\t<div class=\"e-con-inner\">\n\t\t<div class=\"elementor-element elementor-element-2f97a645 e-con-full e-flex e-con e-child\" data-id=\"2f97a645\" data-element_type=\"container\" data-e-type=\"container\">\n\t\t\t\t<div class=\"elementor-element elementor-element-3b3c04c3 elementor-invisible elementor-widget elementor-widget-image\" data-id=\"3b3c04c3\" data-element_type=\"widget\" data-e-type=\"widget\" data-settings=\"{&quot;_animation&quot;:&quot;fadeInLeft&quot;}\" data-widget_type=\"image.default\">\n\t\t\t\t<div class=\"elementor-widget-container\">\n\t\t\t\t\t\t\t\t\t\t\t\t<figure class=\"wp-caption\">\n\t\t\t\t\t\t\t\t\t\t\t<a href=\"https:\/\/sandefjord.katolsk.no\/\">\n\t\t\t\t\t\t\t<img decoding=\"async\" width=\"525\" height=\"672\" src=\"https:\/\/www.stfrans.no\/wp-content\/uploads\/2024\/11\/Sandefjord-parafia.png\" class=\"attachment-large size-large wp-image-10075\" alt=\"\" srcset=\"https:\/\/www.stfrans.no\/wp-content\/uploads\/2024\/11\/Sandefjord-parafia.png 800w, https:\/\/www.stfrans.no\/wp-content\/uploads\/2024\/11\/Sandefjord-parafia-234x300.png 234w, https:\/\/www.stfrans.no\/wp-content\/uploads\/2024\/11\/Sandefjord-parafia-768x983.png 768w\" sizes=\"100vw\" \/>\t\t\t\t\t\t\t\t<\/a>\n\t\t\t\t\t\t\t\t\t\t\t<figcaption class=\"widget-image-caption wp-caption-text\">Sandefjord, ko\u015bci\u00f3\u0142 pw. \u015bw. Jana Chrzciciela<\/figcaption>\n\t\t\t\t\t\t\t\t\t\t<\/figure>\n\t\t\t\t\t\t\t\t\t<\/div>\n\t\t\t\t<\/div>\n\t\t\t\t<\/div>\n\t\t<div class=\"elementor-element elementor-element-339f3dd9 e-con-full e-flex e-con e-child\" data-id=\"339f3dd9\" data-element_type=\"container\" data-e-type=\"container\" id=\"Sandefjord\">\n\t\t<div class=\"elementor-element elementor-element-459c392e e-con-full e-flex elementor-invisible e-con e-child\" data-id=\"459c392e\" data-element_type=\"container\" data-e-type=\"container\" data-settings=\"{&quot;animation&quot;:&quot;fadeInRight&quot;}\">\n\t\t\t\t<div class=\"elementor-element elementor-element-4c6a6713 elementor-widget elementor-widget-text-editor\" data-id=\"4c6a6713\" data-element_type=\"widget\" data-e-type=\"widget\" data-widget_type=\"text-editor.default\">\n\t\t\t\t<div class=\"elementor-widget-container\">\n\t\t\t\t\t\t\t\t\t<h1 style=\"text-align: center;\">Parafia pw. \u015bw. Jana Chrzciciela w Sandefjord<\/h1><h3>Administrator:<br \/><b style=\"font-family: var( --e-global-typography-text-font-family ), Sans-serif; text-align: var(--text-align); font-size: 1.125rem;\">f. Claes Tande<\/b><\/h3><div><b style=\"font-family: var( --e-global-typography-text-font-family ), Sans-serif; text-align: var(--text-align); font-size: 1.125rem;\"><a href=\"https:\/\/sandefjord.katolsk.no\/\">Strona internetowa parafii<\/a><br \/><\/b><\/div>\t\t\t\t\t\t\t\t<\/div>\n\t\t\t\t<\/div>\n\t\t\t\t<\/div>\n\t\t<div class=\"elementor-element elementor-element-1861dcb5 e-con-full e-flex elementor-invisible e-con e-child\" data-id=\"1861dcb5\" data-element_type=\"container\" data-e-type=\"container\" data-settings=\"{&quot;animation&quot;:&quot;fadeInRight&quot;}\">\n\t\t\t\t<div class=\"elementor-element elementor-element-379ee891 elementor-widget elementor-widget-text-editor\" data-id=\"379ee891\" data-element_type=\"widget\" data-e-type=\"widget\" data-widget_type=\"text-editor.default\">\n\t\t\t\t<div class=\"elementor-widget-container\">\n\t\t\t\t\t\t\t\t\t<h2>Msze \u015bwi\u0119te w j\u0119zyku polskim:<\/h2><div><strong>W lipcu oraz sierpniu nie ma Mszy w j. polskim. Od wrze\u015bnia do czerwca:<\/strong><\/div><div>niedziela\u00a0 \u00a0 \u00a0 \u00a0 \u00a0 \u00a0 \u00a0 \u00a0 \u00a0 \u00a0 \u00a0 \u00a0 \u00a0 \u00a0 \u00a0 \u00a0 \u00a0 \u00a0 \u00a0 \u00a0 \u00a0 \u00a0 \u00a0 \u00a0 \u00a0 \u00a0 \u00a0 \u00a0 \u00a0 \u00a0 \u00a0 \u00a0<span style=\"font-weight: bold;\"> 14.30<\/span><br \/><span style=\"font-weight: bold;\"><br \/><\/span><\/div><div>okazja do sakramentu pokuty oko\u0142o p\u00f3\u0142 godziny przed Msz\u0105 \u015awi\u0119t\u0105<\/div>\t\t\t\t\t\t\t\t<\/div>\n\t\t\t\t<\/div>\n\t\t\t\t<\/div>\n\t\t<div class=\"elementor-element elementor-element-552acf97 e-con-full e-flex elementor-invisible e-con e-child\" data-id=\"552acf97\" data-element_type=\"container\" data-e-type=\"container\" data-settings=\"{&quot;animation&quot;:&quot;fadeInUp&quot;}\">\n\t\t\t\t<div class=\"elementor-element elementor-element-54933570 elementor-widget elementor-widget-google_maps\" data-id=\"54933570\" data-element_type=\"widget\" data-e-type=\"widget\" data-widget_type=\"google_maps.default\">\n\t\t\t\t<div class=\"elementor-widget-container\">\n\t\t\t\t\t\t\t<div class=\"elementor-custom-embed\">\n\t\t\t<iframe loading=\"lazy\"\n\t\t\t\t\tsrc=\"https:\/\/maps.google.com\/maps?q=katolsk%20kirke%20sandef&#038;t=m&#038;z=15&#038;output=embed&#038;iwloc=near\"\n\t\t\t\t\ttitle=\"katolsk kirke sandef\"\n\t\t\t\t\taria-label=\"katolsk kirke sandef\"\n\t\t\t><\/iframe>\n\t\t<\/div>\n\t\t\t\t\t\t<\/div>\n\t\t\t\t<\/div>\n\t\t\t\t<\/div>\n\t\t\t\t<\/div>\n\t\t\t\t\t<\/div>\n\t\t\t\t<\/div>\n\t\t<div class=\"elementor-element elementor-element-1822e32 e-flex e-con-boxed e-con e-parent\" data-id=\"1822e32\" data-element_type=\"container\" data-e-type=\"container\">\n\t\t\t\t\t<div class=\"e-con-inner\">\n\t\t\t\t<div class=\"elementor-element elementor-element-7b5c03af elementor-widget-divider--view-line elementor-widget elementor-widget-divider\" data-id=\"7b5c03af\" data-element_type=\"widget\" data-e-type=\"widget\" data-widget_type=\"divider.default\">\n\t\t\t\t<div class=\"elementor-widget-container\">\n\t\t\t\t\t\t\t<div class=\"elementor-divider\">\n\t\t\t<span class=\"elementor-divider-separator\">\n\t\t\t\t\t\t<\/span>\n\t\t<\/div>\n\t\t\t\t\t\t<\/div>\n\t\t\t\t<\/div>\n\t\t\t\t\t<\/div>\n\t\t\t\t<\/div>\n\t\t<div class=\"elementor-element elementor-element-4c325380 e-flex e-con-boxed e-con e-parent\" data-id=\"4c325380\" data-element_type=\"container\" data-e-type=\"container\">\n\t\t\t\t\t<div class=\"e-con-inner\">\n\t\t<div class=\"elementor-element elementor-element-76fbc956 e-con-full e-flex e-con e-child\" data-id=\"76fbc956\" data-element_type=\"container\" data-e-type=\"container\">\n\t\t\t\t<div class=\"elementor-element elementor-element-61d2fe7c elementor-invisible elementor-widget elementor-widget-image\" data-id=\"61d2fe7c\" data-element_type=\"widget\" data-e-type=\"widget\" data-settings=\"{&quot;_animation&quot;:&quot;fadeInLeft&quot;}\" data-widget_type=\"image.default\">\n\t\t\t\t<div class=\"elementor-widget-container\">\n\t\t\t\t\t\t\t\t\t\t\t\t<figure class=\"wp-caption\">\n\t\t\t\t\t\t\t\t\t\t\t<a href=\"https:\/\/tonsberg.katolsk.no\">\n\t\t\t\t\t\t\t<img loading=\"lazy\" decoding=\"async\" width=\"525\" height=\"672\" src=\"https:\/\/www.stfrans.no\/wp-content\/uploads\/2024\/11\/Tonsberg-parafia.png\" class=\"attachment-large size-large wp-image-10076\" alt=\"\" srcset=\"https:\/\/www.stfrans.no\/wp-content\/uploads\/2024\/11\/Tonsberg-parafia.png 800w, https:\/\/www.stfrans.no\/wp-content\/uploads\/2024\/11\/Tonsberg-parafia-234x300.png 234w, https:\/\/www.stfrans.no\/wp-content\/uploads\/2024\/11\/Tonsberg-parafia-768x983.png 768w\" sizes=\"100vw\" \/>\t\t\t\t\t\t\t\t<\/a>\n\t\t\t\t\t\t\t\t\t\t\t<figcaption class=\"widget-image-caption wp-caption-text\">T\u00f8nsberg, ko\u015bci\u00f3\u0142 pw. \u015bw. Olafa<\/figcaption>\n\t\t\t\t\t\t\t\t\t\t<\/figure>\n\t\t\t\t\t\t\t\t\t<\/div>\n\t\t\t\t<\/div>\n\t\t\t\t<\/div>\n\t\t<div class=\"elementor-element elementor-element-70c5b90e e-con-full e-flex e-con e-child\" data-id=\"70c5b90e\" data-element_type=\"container\" data-e-type=\"container\" id=\"Tonsberg\">\n\t\t<div class=\"elementor-element elementor-element-2f54c46f e-con-full e-flex e-con e-child\" data-id=\"2f54c46f\" data-element_type=\"container\" data-e-type=\"container\">\n\t\t\t\t<div class=\"elementor-element elementor-element-3779498b elementor-invisible elementor-widget elementor-widget-text-editor\" data-id=\"3779498b\" data-element_type=\"widget\" data-e-type=\"widget\" data-settings=\"{&quot;_animation&quot;:&quot;fadeInRight&quot;}\" data-widget_type=\"text-editor.default\">\n\t\t\t\t<div class=\"elementor-widget-container\">\n\t\t\t\t\t\t\t\t\t<h1 style=\"text-align: center;\">Parafia pw. \u015bw. Olafa<br \/>w T\u00f8nsberg<\/h1><h3>Administrator:<\/h3><p><span style=\"font-family: 'Libre Franklin', 'Helvetica Neue', helvetica, arial, sans-serif; font-size: 16px;\"><b><span style=\"color: #000000;\">P. Johannes Vu Manh Hung<\/span><\/b><\/span><\/p><p><span style=\"font-family: 'Libre Franklin', 'Helvetica Neue', helvetica, arial, sans-serif; font-size: 16px;\"><b><span style=\"color: #000000;\"><a href=\"https:\/\/tonsberg.katolsk.no\/\">Strona internetowa parafii<\/a><br \/><\/span><\/b><\/span><\/p>\t\t\t\t\t\t\t\t<\/div>\n\t\t\t\t<\/div>\n\t\t\t\t<\/div>\n\t\t<div class=\"elementor-element elementor-element-c84757 e-con-full e-flex elementor-invisible e-con e-child\" data-id=\"c84757\" data-element_type=\"container\" data-e-type=\"container\" data-settings=\"{&quot;animation&quot;:&quot;fadeInRight&quot;}\">\n\t\t\t\t<div class=\"elementor-element elementor-element-2bd413fb elementor-widget elementor-widget-text-editor\" data-id=\"2bd413fb\" data-element_type=\"widget\" data-e-type=\"widget\" data-widget_type=\"text-editor.default\">\n\t\t\t\t<div class=\"elementor-widget-container\">\n\t\t\t\t\t\t\t\t\t<h2>Msze \u015bwi\u0119te w j\u0119zyku polskim:<\/h2><div><strong>W lipcu oraz sierpniu:<\/strong><\/div><div>niedziela\u00a0 \u00a0 \u00a0 \u00a0 \u00a0 \u00a0 \u00a0 \u00a0 \u00a0 \u00a0 \u00a0 \u00a0 \u00a0 \u00a0 \u00a0 \u00a0 \u00a0 \u00a0 \u00a0 \u00a0 \u00a0 \u00a0 \u00a0 \u00a0 \u00a0 \u00a0 \u00a0 \u00a0 \u00a0 \u00a0 \u00a0 \u00a0 \u00a0 \u00a0<span style=\"font-weight: bold;\"> 8.00<\/span><\/div><div>\u00a0<\/div><div><strong>Od wrze\u015bnia do czerwca:<\/strong><\/div><div>niedziela\u00a0 \u00a0 \u00a0 \u00a0 \u00a0 \u00a0 \u00a0 \u00a0 \u00a0 \u00a0 \u00a0 \u00a0 \u00a0 \u00a0 \u00a0 \u00a0 \u00a0 \u00a0 \u00a0 \u00a0 \u00a0 \u00a0 \u00a0 \u00a0 \u00a0 \u00a0 \u00a0 \u00a0 \u00a0 \u00a0 \u00a0 \u00a0 \u00a0 \u00a0<span style=\"font-weight: bold;\">\u00a09.00<\/span><br \/><span style=\"font-weight: bold;\"><br \/><\/span><\/div><div>okazja do sakramentu pokuty p\u00f3\u0142 godziny przed Msz\u0105 \u015awi\u0119t\u0105, po Mszy spotkanie przy kawie<\/div>\t\t\t\t\t\t\t\t<\/div>\n\t\t\t\t<\/div>\n\t\t\t\t<\/div>\n\t\t<div class=\"elementor-element elementor-element-2ed09c2f e-con-full e-flex elementor-invisible e-con e-child\" data-id=\"2ed09c2f\" data-element_type=\"container\" data-e-type=\"container\" data-settings=\"{&quot;animation&quot;:&quot;fadeInUp&quot;}\">\n\t\t\t\t<div class=\"elementor-element elementor-element-520800c2 elementor-widget elementor-widget-google_maps\" data-id=\"520800c2\" data-element_type=\"widget\" data-e-type=\"widget\" data-widget_type=\"google_maps.default\">\n\t\t\t\t<div class=\"elementor-widget-container\">\n\t\t\t\t\t\t\t<div class=\"elementor-custom-embed\">\n\t\t\t<iframe loading=\"lazy\"\n\t\t\t\t\tsrc=\"https:\/\/maps.google.com\/maps?q=olafs%20kirke%20tonsberg&#038;t=m&#038;z=14&#038;output=embed&#038;iwloc=near\"\n\t\t\t\t\ttitle=\"olafs kirke tonsberg\"\n\t\t\t\t\taria-label=\"olafs kirke tonsberg\"\n\t\t\t><\/iframe>\n\t\t<\/div>\n\t\t\t\t\t\t<\/div>\n\t\t\t\t<\/div>\n\t\t\t\t<\/div>\n\t\t\t\t<\/div>\n\t\t\t\t\t<\/div>\n\t\t\t\t<\/div>\n\t\t\t\t<\/div>\n\t\t","protected":false},"excerpt":{"rendered":"<p>Larvik Porsgrunn Sandefjord T\u00f8nsberg Larvik Porsgrunn Sandefjord T\u00f8nsberg Larvik, ko\u015bci\u00f3\u0142 \u015bw. Franciszka z Asy\u017cu Parafia pw. \u015bw. Franciszka z Asy\u017cu w Larvik Kapellan:o. Dolindo Turek ofm larvik@katolsk.noStrona internetowa parafii Porsgrunn, ko\u015bci\u00f3\u0142 pw. Naszej Pani Matki Dobrej Rady Parafia pw. Naszej Pani, Matki Dobrej Rady w Porsgrunn \u00a0 Administrator:p. Joseph Lam Cong Luong Strona internetowa parafii &hellip; <\/p>\n<p class=\"link-more\"><a href=\"https:\/\/www.stfrans.no\/index.php\/parafie\/\" class=\"more-link\">Fortsett \u00e5 lese<span class=\"screen-reader-text\"> \u00abParafie\u00bb<\/span><\/a><\/p>\n","protected":false},"author":7,"featured_media":0,"parent":0,"menu_order":0,"comment_status":"closed","ping_status":"closed","template":"elementor_header_footer","meta":{"footnotes":""},"class_list":["post-10183","page","type-page","status-publish"],"_links":{"self":[{"href":"https:\/\/www.stfrans.no\/index.php\/wp-json\/wp\/v2\/pages\/10183","targetHints":{"allow":["GET"]}}],"collection":[{"href":"https:\/\/www.stfrans.no\/index.php\/wp-json\/wp\/v2\/pages"}],"about":[{"href":"https:\/\/www.stfrans.no\/index.php\/wp-json\/wp\/v2\/types\/page"}],"author":[{"embeddable":true,"href":"https:\/\/www.stfrans.no\/index.php\/wp-json\/wp\/v2\/users\/7"}],"replies":[{"embeddable":true,"href":"https:\/\/www.stfrans.no\/index.php\/wp-json\/wp\/v2\/comments?post=10183"}],"version-history":[{"count":16,"href":"https:\/\/www.stfrans.no\/index.php\/wp-json\/wp\/v2\/pages\/10183\/revisions"}],"predecessor-version":[{"id":10837,"href":"https:\/\/www.stfrans.no\/index.php\/wp-json\/wp\/v2\/pages\/10183\/revisions\/10837"}],"wp:attachment":[{"href":"https:\/\/www.stfrans.no\/index.php\/wp-json\/wp\/v2\/media?parent=10183"}],"curies":[{"name":"wp","href":"https:\/\/api.w.org\/{rel}","templated":true}]}}