{"id":10176,"date":"2024-11-06T00:24:02","date_gmt":"2024-11-05T23:24:02","guid":{"rendered":"https:\/\/www.stfrans.no\/?page_id=10176"},"modified":"2026-02-25T16:22:48","modified_gmt":"2026-02-25T15:22:48","slug":"aktualnosci","status":"publish","type":"page","link":"https:\/\/www.stfrans.no\/index.php\/aktualnosci\/","title":{"rendered":"Aktualno\u015bci"},"content":{"rendered":"\t\t<div data-elementor-type=\"wp-page\" data-elementor-id=\"10176\" class=\"elementor elementor-10176\" data-elementor-post-type=\"page\">\n\t\t\t\t<div class=\"elementor-element elementor-element-527bd6d5 e-flex e-con-boxed elementor-invisible e-con e-parent\" data-id=\"527bd6d5\" data-element_type=\"container\" data-e-type=\"container\" data-settings=\"{&quot;animation&quot;:&quot;fadeInRight&quot;}\">\n\t\t\t\t\t<div class=\"e-con-inner\">\n\t\t\t\t<div class=\"elementor-element elementor-element-1de0c067 elementor-pagination-type-bullets elementor-pagination-position-outside elementor-widget elementor-widget-n-carousel\" data-id=\"1de0c067\" data-element_type=\"widget\" data-e-type=\"widget\" data-settings=\"{&quot;carousel_items&quot;:[{&quot;slide_title&quot;:&quot;Slide #1&quot;,&quot;_id&quot;:&quot;4478d25&quot;},{&quot;slide_title&quot;:&quot;Slide #2&quot;,&quot;_id&quot;:&quot;b1076a2&quot;}],&quot;slides_to_show&quot;:&quot;2&quot;,&quot;image_spacing_custom&quot;:{&quot;unit&quot;:&quot;px&quot;,&quot;size&quot;:36,&quot;sizes&quot;:[]},&quot;image_spacing_custom_tablet&quot;:{&quot;unit&quot;:&quot;px&quot;,&quot;size&quot;:0,&quot;sizes&quot;:[]},&quot;image_spacing_custom_mobile&quot;:{&quot;unit&quot;:&quot;px&quot;,&quot;size&quot;:219,&quot;sizes&quot;:[]},&quot;slides_to_show_tablet&quot;:&quot;2&quot;,&quot;slides_to_show_mobile&quot;:&quot;1&quot;,&quot;autoplay&quot;:&quot;yes&quot;,&quot;autoplay_speed&quot;:5000,&quot;pause_on_hover&quot;:&quot;yes&quot;,&quot;pause_on_interaction&quot;:&quot;yes&quot;,&quot;infinite&quot;:&quot;yes&quot;,&quot;speed&quot;:500,&quot;offset_sides&quot;:&quot;none&quot;,&quot;pagination&quot;:&quot;bullets&quot;}\" data-widget_type=\"nested-carousel.default\">\n\t\t\t\t<div class=\"elementor-widget-container\">\n\t\t\t\t\t\t\t<div class=\"e-n-carousel swiper\" role=\"region\" aria-roledescription=\"carousel\" aria-label=\"karuzela\" dir=\"ltr\">\n\t\t\t<div class=\"swiper-wrapper\" aria-live=\"off\">\n\t\t\t\t\t\t\t\t\t\t<div class=\"swiper-slide\" data-slide=\"1\" role=\"group\" aria-roledescription=\"slide\" aria-label=\"1 of 2\">\n\t\t\t\t\t\t\t<div class=\"elementor-element elementor-element-7e1f66b4 e-flex e-con-boxed e-con e-child\" data-id=\"7e1f66b4\" data-element_type=\"container\" data-e-type=\"container\">\n\t\t\t\t\t<div class=\"e-con-inner\">\n\t\t<div class=\"elementor-element elementor-element-66e3671d e-con-full e-flex e-con e-child\" data-id=\"66e3671d\" data-element_type=\"container\" data-e-type=\"container\">\n\t\t\t\t<div class=\"elementor-element elementor-element-38e28928 elementor-widget elementor-widget-image\" data-id=\"38e28928\" data-element_type=\"widget\" data-e-type=\"widget\" data-widget_type=\"image.default\">\n\t\t\t\t<div class=\"elementor-widget-container\">\n\t\t\t\t\t\t\t\t\t\t\t\t\t\t\t\t<a href=\"#Aktualne-ogloszenia\">\n\t\t\t\t\t\t\t<img fetchpriority=\"high\" decoding=\"async\" width=\"300\" height=\"200\" src=\"https:\/\/www.stfrans.no\/wp-content\/uploads\/2024\/11\/aktualnosci.webp\" class=\"attachment-large size-large wp-image-10104\" alt=\"\" sizes=\"100vw\" \/>\t\t\t\t\t\t\t\t<\/a>\n\t\t\t\t\t\t\t\t\t\t\t\t\t\t\t<\/div>\n\t\t\t\t<\/div>\n\t\t\t\t<\/div>\n\t\t\t\t\t<\/div>\n\t\t\t\t<\/div>\n\t\t\t\t\t\t\t\t<\/div>\n\t\t\t\t\t\t\t\t\t\t\t<div class=\"swiper-slide\" data-slide=\"2\" role=\"group\" aria-roledescription=\"slide\" aria-label=\"2 of 2\">\n\t\t\t\t\t\t\t<div class=\"elementor-element elementor-element-706328c2 e-flex e-con-boxed e-con e-child\" data-id=\"706328c2\" data-element_type=\"container\" data-e-type=\"container\">\n\t\t\t\t\t<div class=\"e-con-inner\">\n\t\t<div class=\"elementor-element elementor-element-4aa7443e e-con-full e-flex e-con e-child\" data-id=\"4aa7443e\" data-element_type=\"container\" data-e-type=\"container\">\n\t\t\t\t<div class=\"elementor-element elementor-element-3937813 elementor-widget elementor-widget-image\" data-id=\"3937813\" data-element_type=\"widget\" data-e-type=\"widget\" data-widget_type=\"image.default\">\n\t\t\t\t<div class=\"elementor-widget-container\">\n\t\t\t\t\t\t\t\t\t\t\t\t\t\t\t\t<a href=\"#Kalendarium-polskie\">\n\t\t\t\t\t\t\t<img decoding=\"async\" width=\"300\" height=\"200\" src=\"https:\/\/www.stfrans.no\/wp-content\/uploads\/2024\/11\/Kalendarz.webp\" class=\"attachment-large size-large wp-image-10105\" alt=\"\" sizes=\"100vw\" \/>\t\t\t\t\t\t\t\t<\/a>\n\t\t\t\t\t\t\t\t\t\t\t\t\t\t\t<\/div>\n\t\t\t\t<\/div>\n\t\t\t\t<\/div>\n\t\t\t\t\t<\/div>\n\t\t\t\t<\/div>\n\t\t\t\t\t\t\t\t<\/div>\n\t\t\t\t\t\t\t\t<\/div>\n\t\t<\/div>\n\t\t\t\t\t<div class=\"swiper-pagination\"><\/div>\n\t\t\t\t\t\t<\/div>\n\t\t\t\t<\/div>\n\t\t\t\t\t<\/div>\n\t\t\t\t<\/div>\n\t\t<div class=\"elementor-element elementor-element-188f341f e-flex e-con-boxed e-con e-parent\" data-id=\"188f341f\" data-element_type=\"container\" data-e-type=\"container\">\n\t\t\t\t\t<div class=\"e-con-inner\">\n\t\t\t\t<div class=\"elementor-element elementor-element-7c315232 elementor-invisible elementor-widget elementor-widget-text-editor\" data-id=\"7c315232\" data-element_type=\"widget\" data-e-type=\"widget\" data-settings=\"{&quot;_animation&quot;:&quot;fadeInLeft&quot;}\" data-widget_type=\"text-editor.default\">\n\t\t\t\t<div class=\"elementor-widget-container\">\n\t\t\t\t\t\t\t\t\t<p>Msze \u015awi\u0119te zwyczajowo odprawiane s\u0105 o ustalonych godzinach. Zach\u0119camy jednak do sprawdzania aktualnych wpis\u00f3w w zak\u0142adce z aktualno\u015bciami oraz godzin w zamieszczonym poni\u017cej kalendarzu. Szczeg\u00f3lnie w przypadku ko\u015bcio\u0142a w Larvik. Zach\u0119camy tak\u017ce do udzia\u0142u w pozosta\u0142ych nabo\u017ce\u0144stwach, kt\u00f3re odprawiane s\u0105 w poszczeg\u00f3lnych parafiach.<\/p>\t\t\t\t\t\t\t\t<\/div>\n\t\t\t\t<\/div>\n\t\t\t\t\t<\/div>\n\t\t\t\t<\/div>\n\t\t<div class=\"elementor-element elementor-element-743ebdc e-flex e-con-boxed e-con e-parent\" data-id=\"743ebdc\" data-element_type=\"container\" data-e-type=\"container\">\n\t\t\t\t\t<div class=\"e-con-inner\">\n\t\t\t\t<div class=\"elementor-element elementor-element-5007d709 elementor-invisible elementor-widget elementor-widget-text-editor\" data-id=\"5007d709\" data-element_type=\"widget\" data-e-type=\"widget\" id=\"Kalendarium-polskie\" data-settings=\"{&quot;_animation&quot;:&quot;fadeInRight&quot;}\" data-widget_type=\"text-editor.default\">\n\t\t\t\t<div class=\"elementor-widget-container\">\n\t\t\t\t\t\t\t\t\t<h1><b>Kalendarium nabo\u017ce\u0144stw sprawowanych dla katolik\u00f3w polskoj\u0119zycznych w parafiach Larvik, Porsgrunn, Sandefjord oraz T\u00f8nsberg<\/b><\/h1>\t\t\t\t\t\t\t\t<\/div>\n\t\t\t\t<\/div>\n\t\t\t\t\t<\/div>\n\t\t\t\t<\/div>\n\t\t<div class=\"elementor-element elementor-element-3656aff0 e-con-full e-flex elementor-invisible e-con e-parent\" data-id=\"3656aff0\" data-element_type=\"container\" data-e-type=\"container\" data-settings=\"{&quot;animation&quot;:&quot;fadeInUp&quot;}\">\n\t\t\t\t<div class=\"elementor-element elementor-element-28a47c57 elementor-widget-mobile__width-initial elementor-widget elementor-widget-html\" data-id=\"28a47c57\" data-element_type=\"widget\" data-e-type=\"widget\" data-widget_type=\"html.default\">\n\t\t\t\t<div class=\"elementor-widget-container\">\n\t\t\t\t\t<iframe src=\"https:\/\/calendar.google.com\/calendar\/embed?height=600&wkst=1&ctz=Europe%2FOslo&showPrint=0&mode=AGENDA&title=Kalendarz%20Duszpasterstwa%20Polak%C3%B3w&src=cC5kb2xpbmRvLm9mbUBnbWFpbC5jb20&color=%23039BE5\" style=\"border:solid 1px #777\" width=\"800\" height=\"600\" frameborder=\"0\" scrolling=\"no\"><\/iframe>\t\t\t\t<\/div>\n\t\t\t\t<\/div>\n\t\t\t\t<\/div>\n\t\t<div class=\"elementor-element elementor-element-24d904f9 e-flex e-con-boxed e-con e-parent\" data-id=\"24d904f9\" data-element_type=\"container\" data-e-type=\"container\">\n\t\t\t\t\t<div class=\"e-con-inner\">\n\t\t\t\t<div class=\"elementor-element elementor-element-5a680fdc elementor-widget-divider--view-line elementor-widget elementor-widget-divider\" data-id=\"5a680fdc\" data-element_type=\"widget\" data-e-type=\"widget\" data-widget_type=\"divider.default\">\n\t\t\t\t<div class=\"elementor-widget-container\">\n\t\t\t\t\t\t\t<div class=\"elementor-divider\">\n\t\t\t<span class=\"elementor-divider-separator\">\n\t\t\t\t\t\t<\/span>\n\t\t<\/div>\n\t\t\t\t\t\t<\/div>\n\t\t\t\t<\/div>\n\t\t\t\t\t<\/div>\n\t\t\t\t<\/div>\n\t\t<div class=\"elementor-element elementor-element-2cfc3427 e-flex e-con-boxed e-con e-parent\" data-id=\"2cfc3427\" data-element_type=\"container\" data-e-type=\"container\">\n\t\t\t\t\t<div class=\"e-con-inner\">\n\t\t\t\t<div class=\"elementor-element elementor-element-4f744d23 elementor-invisible elementor-widget elementor-widget-text-editor\" data-id=\"4f744d23\" data-element_type=\"widget\" data-e-type=\"widget\" id=\"Aktualne-ogloszenia\" data-settings=\"{&quot;_animation&quot;:&quot;fadeInLeft&quot;}\" data-widget_type=\"text-editor.default\">\n\t\t\t\t<div class=\"elementor-widget-container\">\n\t\t\t\t\t\t\t\t\t<h1><strong>Aktualne sprawy i wydarzenia<\/strong><\/h1>\t\t\t\t\t\t\t\t<\/div>\n\t\t\t\t<\/div>\n\t\t\t\t\t<\/div>\n\t\t\t\t<\/div>\n\t\t<div class=\"elementor-element elementor-element-6727e145 e-flex e-con-boxed e-con e-parent\" data-id=\"6727e145\" data-element_type=\"container\" data-e-type=\"container\">\n\t\t\t\t\t<div class=\"e-con-inner\">\n\t\t\t\t<div class=\"elementor-element elementor-element-3f0ba54f elementor-invisible elementor-widget elementor-widget-n-accordion\" data-id=\"3f0ba54f\" data-element_type=\"widget\" data-e-type=\"widget\" data-settings=\"{&quot;_animation&quot;:&quot;fadeInUp&quot;,&quot;default_state&quot;:&quot;expanded&quot;,&quot;max_items_expended&quot;:&quot;one&quot;,&quot;n_accordion_animation_duration&quot;:{&quot;unit&quot;:&quot;ms&quot;,&quot;size&quot;:400,&quot;sizes&quot;:[]}}\" data-widget_type=\"nested-accordion.default\">\n\t\t\t\t<div class=\"elementor-widget-container\">\n\t\t\t\t\t\t\t<div class=\"e-n-accordion\" aria-label=\"Accordion. Open links with Enter or Space, close with Escape, and navigate with Arrow Keys\">\n\t\t\t\t\t\t<details id=\"e-n-accordion-item-1050\" class=\"e-n-accordion-item\" open>\n\t\t\t\t<summary class=\"e-n-accordion-item-title\" data-accordion-index=\"1\" tabindex=\"0\" aria-expanded=\"true\" aria-controls=\"e-n-accordion-item-1050\" >\n\t\t\t\t\t<span class='e-n-accordion-item-title-header'><div class=\"e-n-accordion-item-title-text\"> Rekklekcje wielkopostne <\/div><\/span>\n\t\t\t\t\t\t\t<span class='e-n-accordion-item-title-icon'>\n\t\t\t<span class='e-opened' ><svg aria-hidden=\"true\" class=\"e-font-icon-svg e-fas-minus\" viewBox=\"0 0 448 512\" xmlns=\"http:\/\/www.w3.org\/2000\/svg\"><path d=\"M416 208H32c-17.67 0-32 14.33-32 32v32c0 17.67 14.33 32 32 32h384c17.67 0 32-14.33 32-32v-32c0-17.67-14.33-32-32-32z\"><\/path><\/svg><\/span>\n\t\t\t<span class='e-closed'><svg aria-hidden=\"true\" class=\"e-font-icon-svg e-fas-plus\" viewBox=\"0 0 448 512\" xmlns=\"http:\/\/www.w3.org\/2000\/svg\"><path d=\"M416 208H272V64c0-17.67-14.33-32-32-32h-32c-17.67 0-32 14.33-32 32v144H32c-17.67 0-32 14.33-32 32v32c0 17.67 14.33 32 32 32h144v144c0 17.67 14.33 32 32 32h32c17.67 0 32-14.33 32-32V304h144c17.67 0 32-14.33 32-32v-32c0-17.67-14.33-32-32-32z\"><\/path><\/svg><\/span>\n\t\t<\/span>\n\n\t\t\t\t\t\t<\/summary>\n\t\t\t\t<div role=\"region\" aria-labelledby=\"e-n-accordion-item-1050\" class=\"elementor-element elementor-element-ca9d029 e-flex e-con-boxed e-con e-child\" data-id=\"ca9d029\" data-element_type=\"container\" data-e-type=\"container\">\n\t\t\t\t\t<div class=\"e-con-inner\">\n\t\t<div role=\"region\" aria-labelledby=\"e-n-accordion-item-1050\" class=\"elementor-element elementor-element-7470906 e-con-full e-flex e-con e-child\" data-id=\"7470906\" data-element_type=\"container\" data-e-type=\"container\">\n\t\t\t\t<div class=\"elementor-element elementor-element-265d60b elementor-widget elementor-widget-image\" data-id=\"265d60b\" data-element_type=\"widget\" data-e-type=\"widget\" data-widget_type=\"image.default\">\n\t\t\t\t<div class=\"elementor-widget-container\">\n\t\t\t\t\t\t\t\t\t\t\t\t\t\t\t<img decoding=\"async\" width=\"1448\" height=\"2048\" src=\"https:\/\/www.stfrans.no\/wp-content\/uploads\/2026\/02\/Rekolekcje-1448x2048.png\" class=\"attachment-2048x2048 size-2048x2048 wp-image-10915\" alt=\"\" srcset=\"https:\/\/www.stfrans.no\/wp-content\/uploads\/2026\/02\/Rekolekcje-1448x2048.png 1448w, https:\/\/www.stfrans.no\/wp-content\/uploads\/2026\/02\/Rekolekcje-212x300.png 212w, https:\/\/www.stfrans.no\/wp-content\/uploads\/2026\/02\/Rekolekcje-724x1024.png 724w, https:\/\/www.stfrans.no\/wp-content\/uploads\/2026\/02\/Rekolekcje-768x1086.png 768w, https:\/\/www.stfrans.no\/wp-content\/uploads\/2026\/02\/Rekolekcje-1086x1536.png 1086w, https:\/\/www.stfrans.no\/wp-content\/uploads\/2026\/02\/Rekolekcje-scaled.png 1810w\" sizes=\"100vw\" \/>\t\t\t\t\t\t\t\t\t\t\t\t\t\t\t<\/div>\n\t\t\t\t<\/div>\n\t\t\t\t<\/div>\n\t\t\t\t\t<\/div>\n\t\t\t\t<\/div>\n\t\t\t\t\t<\/details>\n\t\t\t\t\t\t<details id=\"e-n-accordion-item-1051\" class=\"e-n-accordion-item\" >\n\t\t\t\t<summary class=\"e-n-accordion-item-title\" data-accordion-index=\"2\" tabindex=\"-1\" aria-expanded=\"false\" aria-controls=\"e-n-accordion-item-1051\" >\n\t\t\t\t\t<span class='e-n-accordion-item-title-header'><div class=\"e-n-accordion-item-title-text\"> Narodzenie Pa\u0144skie 2025 <\/div><\/span>\n\t\t\t\t\t\t\t<span class='e-n-accordion-item-title-icon'>\n\t\t\t<span class='e-opened' ><svg aria-hidden=\"true\" class=\"e-font-icon-svg e-fas-minus\" viewBox=\"0 0 448 512\" xmlns=\"http:\/\/www.w3.org\/2000\/svg\"><path d=\"M416 208H32c-17.67 0-32 14.33-32 32v32c0 17.67 14.33 32 32 32h384c17.67 0 32-14.33 32-32v-32c0-17.67-14.33-32-32-32z\"><\/path><\/svg><\/span>\n\t\t\t<span class='e-closed'><svg aria-hidden=\"true\" class=\"e-font-icon-svg e-fas-plus\" viewBox=\"0 0 448 512\" xmlns=\"http:\/\/www.w3.org\/2000\/svg\"><path d=\"M416 208H272V64c0-17.67-14.33-32-32-32h-32c-17.67 0-32 14.33-32 32v144H32c-17.67 0-32 14.33-32 32v32c0 17.67 14.33 32 32 32h144v144c0 17.67 14.33 32 32 32h32c17.67 0 32-14.33 32-32V304h144c17.67 0 32-14.33 32-32v-32c0-17.67-14.33-32-32-32z\"><\/path><\/svg><\/span>\n\t\t<\/span>\n\n\t\t\t\t\t\t<\/summary>\n\t\t\t\t<div role=\"region\" aria-labelledby=\"e-n-accordion-item-1051\" class=\"elementor-element elementor-element-f21c216 e-flex e-con-boxed e-con e-child\" data-id=\"f21c216\" data-element_type=\"container\" data-e-type=\"container\">\n\t\t\t\t\t<div class=\"e-con-inner\">\n\t\t<div role=\"region\" aria-labelledby=\"e-n-accordion-item-1051\" class=\"elementor-element elementor-element-bed6f61 e-con-full e-flex e-con e-child\" data-id=\"bed6f61\" data-element_type=\"container\" data-e-type=\"container\">\n\t\t\t\t<div class=\"elementor-element elementor-element-37b0deb elementor-widget elementor-widget-image\" data-id=\"37b0deb\" data-element_type=\"widget\" data-e-type=\"widget\" data-widget_type=\"image.default\">\n\t\t\t\t<div class=\"elementor-widget-container\">\n\t\t\t\t\t\t\t\t\t\t\t\t\t\t\t<img loading=\"lazy\" decoding=\"async\" width=\"1810\" height=\"2560\" src=\"https:\/\/www.stfrans.no\/wp-content\/uploads\/2025\/12\/Msze-w-j.-polskim-w-okresie-swiatecznym-scaled.png\" class=\"attachment-full size-full wp-image-10866\" alt=\"\" srcset=\"https:\/\/www.stfrans.no\/wp-content\/uploads\/2025\/12\/Msze-w-j.-polskim-w-okresie-swiatecznym-scaled.png 1810w, https:\/\/www.stfrans.no\/wp-content\/uploads\/2025\/12\/Msze-w-j.-polskim-w-okresie-swiatecznym-212x300.png 212w, https:\/\/www.stfrans.no\/wp-content\/uploads\/2025\/12\/Msze-w-j.-polskim-w-okresie-swiatecznym-724x1024.png 724w, https:\/\/www.stfrans.no\/wp-content\/uploads\/2025\/12\/Msze-w-j.-polskim-w-okresie-swiatecznym-768x1086.png 768w, https:\/\/www.stfrans.no\/wp-content\/uploads\/2025\/12\/Msze-w-j.-polskim-w-okresie-swiatecznym-1086x1536.png 1086w, https:\/\/www.stfrans.no\/wp-content\/uploads\/2025\/12\/Msze-w-j.-polskim-w-okresie-swiatecznym-1448x2048.png 1448w\" sizes=\"100vw\" \/>\t\t\t\t\t\t\t\t\t\t\t\t\t\t\t<\/div>\n\t\t\t\t<\/div>\n\t\t\t\t<\/div>\n\t\t\t\t\t<\/div>\n\t\t\t\t<\/div>\n\t\t\t\t\t<\/details>\n\t\t\t\t\t\t<details id=\"e-n-accordion-item-1052\" class=\"e-n-accordion-item\" >\n\t\t\t\t<summary class=\"e-n-accordion-item-title\" data-accordion-index=\"3\" tabindex=\"-1\" aria-expanded=\"false\" aria-controls=\"e-n-accordion-item-1052\" >\n\t\t\t\t\t<span class='e-n-accordion-item-title-header'><div class=\"e-n-accordion-item-title-text\"> 09 listopada \u015awi\u0119to Po\u015bwi\u0119cenia Bazyliki na Lateranie <\/div><\/span>\n\t\t\t\t\t\t\t<span class='e-n-accordion-item-title-icon'>\n\t\t\t<span class='e-opened' ><svg aria-hidden=\"true\" class=\"e-font-icon-svg e-fas-minus\" viewBox=\"0 0 448 512\" xmlns=\"http:\/\/www.w3.org\/2000\/svg\"><path d=\"M416 208H32c-17.67 0-32 14.33-32 32v32c0 17.67 14.33 32 32 32h384c17.67 0 32-14.33 32-32v-32c0-17.67-14.33-32-32-32z\"><\/path><\/svg><\/span>\n\t\t\t<span class='e-closed'><svg aria-hidden=\"true\" class=\"e-font-icon-svg e-fas-plus\" viewBox=\"0 0 448 512\" xmlns=\"http:\/\/www.w3.org\/2000\/svg\"><path d=\"M416 208H272V64c0-17.67-14.33-32-32-32h-32c-17.67 0-32 14.33-32 32v144H32c-17.67 0-32 14.33-32 32v32c0 17.67 14.33 32 32 32h144v144c0 17.67 14.33 32 32 32h32c17.67 0 32-14.33 32-32V304h144c17.67 0 32-14.33 32-32v-32c0-17.67-14.33-32-32-32z\"><\/path><\/svg><\/span>\n\t\t<\/span>\n\n\t\t\t\t\t\t<\/summary>\n\t\t\t\t<div role=\"region\" aria-labelledby=\"e-n-accordion-item-1052\" class=\"elementor-element elementor-element-28cd984 e-flex e-con-boxed e-con e-child\" data-id=\"28cd984\" data-element_type=\"container\" data-e-type=\"container\">\n\t\t\t\t\t<div class=\"e-con-inner\">\n\t\t<div role=\"region\" aria-labelledby=\"e-n-accordion-item-1052\" class=\"elementor-element elementor-element-5b29baa e-con-full e-flex e-con e-child\" data-id=\"5b29baa\" data-element_type=\"container\" data-e-type=\"container\">\n\t\t\t\t<div class=\"elementor-element elementor-element-9042821 elementor-widget elementor-widget-text-editor\" data-id=\"9042821\" data-element_type=\"widget\" data-e-type=\"widget\" data-widget_type=\"text-editor.default\">\n\t\t\t\t<div class=\"elementor-widget-container\">\n\t\t\t\t\t\t\t\t\t<p>Po d\u0142u\u017cszym braku aktualizacji informacji dotycz\u0105cych duszpasterstwa w j. polskim wracamy do zamieszczania w tym miejscu og\u0142osze\u0144.\u00a0<\/p><p>09 listopada obchodzone jest w Ko\u015bciele Katolickim \u015awi\u0119to Po\u015bwi\u0119cenia Bazyliki na Lateranie, kt\u00f3ra nazywana jest ko\u015bcio\u0142em &#8211; matk\u0105 wszystkich ko\u015bcio\u0142\u00f3w. Dzie\u0144 ten m\u00f3wi nam nie tylko o centralnej \u015bwi\u0105tyni naszego ko\u015bcio\u0142a, kt\u00f3ra znajduje si\u0119 w Rzymie, ale staje si\u0119 okazj\u0105 \u017ceby na siebie samego popatrze\u0107, jak na miejsce przebywania Boga. &laquo;Czy\u017c nie wiecie, \u017ce\u015bcie \u015bwi\u0105tyni\u0105 Boga i \u017ce Duch Bo\u017cy mieszka w was?&raquo; Te s\u0142owa s\u0142yszymy w dzisiejszym czytaniu.<\/p><p>Msze \u015bwi\u0119te w tygodniu w Larvik codziennie o godz. 18:00. (w j. norweskim)<\/p><p>Poniedzia\u0142ek 10.11. &#8211; Msza \u015bwi\u0119ta w kaplicy klasztornej z uczczeniem relikwi \u015bw. Franciszka.<\/p><p>Wtorek 11.11. &#8211; Msza \u015bwi\u0119ta w ko\u015bciele, po kt\u00f3rej nabo\u017ce\u0144stwo dla m\u0142odzie\u017cy. Wcze\u015bniej od 17:<span style=\"font-size: 1rem;\">00 spotkanie dla bierzmowanych.<\/span><\/p><p>\u015aroda 12.11. &#8211; Msza \u015bwi\u0119ta w ko\u015bciele.<\/p><p>Czwartek 13.11. &#8211; Msza \u015bwi\u0119ta w ko\u015bciele, po niej adoracja Naj\u015bwi\u0119tszego Sakramentu w ciszy do godz. 20:00 z okazj\u0105 do spowiedzi.<\/p><p>Pi\u0105tek 14.11. &#8211; Msza \u015bwi\u0119ta w ko\u015bciele.<\/p><p>Sobota 15.11. &#8211; Msza \u015bwi\u0119ta niedzielna w ko\u015bciele.<\/p><p>Niedziela 16.11. &#8211; jest to trzecia niedziela w miesi\u0105cu, wi\u0119c Msza \u015awi\u0119ta w j. polskim w Larvik o godz. 14:00.<\/p><p>W pozosta\u0142ych miejscach wed\u0142ug sta\u0142ego porz\u0105dku, czyli:<\/p><p>Porsgrun &#8211; sobota 15.11. r\u00f3\u017caniec i spowied\u017a o 15:30, a Msza \u015bwi\u0119ta o 16:00.<\/p><p>T\u00f8nsberg &#8211; niedziela, Msza \u015bwi\u0119ta o godz. 9:00.<\/p><p><strong>Sandefjord &#8211; tutaj od 9.11. nast\u0105pi\u0142a zmiana i od tej pory Msza \u015bwi\u0119ta o godz. 14.30. Przesuni\u0119cie nast\u0105pi\u0142o na pro\u015bb\u0119 proboszcza z Sandefjord.<\/strong><\/p><p>16.11. w Larvik, o godz. 17:00 koncert organowy w wykonaniu Guy Poupart.<\/p>\t\t\t\t\t\t\t\t<\/div>\n\t\t\t\t<\/div>\n\t\t\t\t<\/div>\n\t\t\t\t\t<\/div>\n\t\t\t\t<\/div>\n\t\t\t\t\t<\/details>\n\t\t\t\t\t<\/div>\n\t\t\t\t\t\t<\/div>\n\t\t\t\t<\/div>\n\t\t\t\t\t<\/div>\n\t\t\t\t<\/div>\n\t\t\t\t<\/div>\n\t\t","protected":false},"excerpt":{"rendered":"<p>Msze \u015awi\u0119te zwyczajowo odprawiane s\u0105 o ustalonych godzinach. Zach\u0119camy jednak do sprawdzania aktualnych wpis\u00f3w w zak\u0142adce z aktualno\u015bciami oraz godzin w zamieszczonym poni\u017cej kalendarzu. Szczeg\u00f3lnie w przypadku ko\u015bcio\u0142a w Larvik. Zach\u0119camy tak\u017ce do udzia\u0142u w pozosta\u0142ych nabo\u017ce\u0144stwach, kt\u00f3re odprawiane s\u0105 w poszczeg\u00f3lnych parafiach. Kalendarium nabo\u017ce\u0144stw sprawowanych dla katolik\u00f3w polskoj\u0119zycznych w parafiach Larvik, Porsgrunn, Sandefjord oraz &hellip; <\/p>\n<p class=\"link-more\"><a href=\"https:\/\/www.stfrans.no\/index.php\/aktualnosci\/\" class=\"more-link\">Fortsett \u00e5 lese<span class=\"screen-reader-text\"> \u00abAktualno\u015bci\u00bb<\/span><\/a><\/p>\n","protected":false},"author":7,"featured_media":0,"parent":0,"menu_order":0,"comment_status":"closed","ping_status":"closed","template":"elementor_header_footer","meta":{"footnotes":""},"class_list":["post-10176","page","type-page","status-publish"],"_links":{"self":[{"href":"https:\/\/www.stfrans.no\/index.php\/wp-json\/wp\/v2\/pages\/10176","targetHints":{"allow":["GET"]}}],"collection":[{"href":"https:\/\/www.stfrans.no\/index.php\/wp-json\/wp\/v2\/pages"}],"about":[{"href":"https:\/\/www.stfrans.no\/index.php\/wp-json\/wp\/v2\/types\/page"}],"author":[{"embeddable":true,"href":"https:\/\/www.stfrans.no\/index.php\/wp-json\/wp\/v2\/users\/7"}],"replies":[{"embeddable":true,"href":"https:\/\/www.stfrans.no\/index.php\/wp-json\/wp\/v2\/comments?post=10176"}],"version-history":[{"count":117,"href":"https:\/\/www.stfrans.no\/index.php\/wp-json\/wp\/v2\/pages\/10176\/revisions"}],"predecessor-version":[{"id":10925,"href":"https:\/\/www.stfrans.no\/index.php\/wp-json\/wp\/v2\/pages\/10176\/revisions\/10925"}],"wp:attachment":[{"href":"https:\/\/www.stfrans.no\/index.php\/wp-json\/wp\/v2\/media?parent=10176"}],"curies":[{"name":"wp","href":"https:\/\/api.w.org\/{rel}","templated":true}]}}